{"id":7828,"date":"2026-01-31T05:09:14","date_gmt":"2026-01-31T04:09:14","guid":{"rendered":"http:\/\/senegalibtours.local\/?post_type=circuit&#038;p=7828"},"modified":"2026-04-09T02:58:32","modified_gmt":"2026-04-09T00:58:32","slug":"circuit-senegal-goree-saloum-8-jours","status":"publish","type":"circuit","link":"https:\/\/senegal-lib-tour.sn\/es\/itinerarios\/circuit-senegal-goree-saloum-8-jours\/","title":{"rendered":"Senegal Tour - De Gorea al Delta del Saloum (8 d\u00edas \/ 7 noches)"},"content":{"rendered":"<div data-wp-context=\"{ &quot;autoclose&quot;: false, &quot;accordionItems&quot;: [] }\" data-wp-interactive=\"core\/accordion\" role=\"group\" class=\"wp-block-accordion is-layout-flow wp-block-accordion-is-layout-flow\">\n<div data-wp-class--is-open=\"state.isOpen\" data-wp-context=\"{ &quot;id&quot;: &quot;accordion-item-1&quot;, &quot;openByDefault&quot;: false }\" data-wp-init=\"callbacks.initAccordionItems\" data-wp-on-window--hashchange=\"callbacks.hashChange\" class=\"wp-block-accordion-item is-layout-flow wp-block-accordion-item-is-layout-flow\">\n<h3 class=\"wp-block-accordion-heading\"><button aria-expanded=\"false\" aria-controls=\"accordion-item-1-panel\" data-wp-bind--aria-expanded=\"state.isOpen\" data-wp-on--click=\"actions.toggle\" data-wp-on--keydown=\"actions.handleKeyDown\" id=\"accordion-item-1\" type=\"button\" class=\"wp-block-accordion-heading__toggle\"><span class=\"wp-block-accordion-heading__toggle-title\">D\u00eda 1: Aeropuerto - Dakar<\/span><span class=\"wp-block-accordion-heading__toggle-icon\" aria-hidden=\"true\">+<\/span><\/button><\/h3>\n\n\n\n<div inert aria-labelledby=\"accordion-item-1\" data-wp-bind--inert=\"!state.isOpen\" id=\"accordion-item-1-panel\" role=\"region\" class=\"wp-block-accordion-panel is-layout-flow wp-block-accordion-panel-is-layout-flow\">\n<p>Accueil \u00e0 l\u2019a\u00e9roport international Blaise-Diagne, puis transfert vers votre h\u00f4tel \u00e0 Dakar.<br>Installation au Lodge des Almadies pour un repos bien m\u00e9rit\u00e9 apr\u00e8s le vol.<br>Soir\u00e9e libre pour vous d\u00e9tendre ou d\u00e9couvrir les environs.<br>D\u00eener libre (non inclus) et nuit \u00e0 l\u2019h\u00f4tel.<\/p>\n<\/div>\n<\/div>\n<\/div>\n\n\n\n<div data-wp-context=\"{ &quot;autoclose&quot;: false, &quot;accordionItems&quot;: [] }\" data-wp-interactive=\"core\/accordion\" role=\"group\" class=\"wp-block-accordion is-layout-flow wp-block-accordion-is-layout-flow\">\n<div data-wp-class--is-open=\"state.isOpen\" data-wp-context=\"{ &quot;id&quot;: &quot;accordion-item-2&quot;, &quot;openByDefault&quot;: false }\" data-wp-init=\"callbacks.initAccordionItems\" data-wp-on-window--hashchange=\"callbacks.hashChange\" class=\"wp-block-accordion-item is-layout-flow wp-block-accordion-item-is-layout-flow\">\n<h3 class=\"wp-block-accordion-heading\"><button aria-expanded=\"false\" aria-controls=\"accordion-item-2-panel\" data-wp-bind--aria-expanded=\"state.isOpen\" data-wp-on--click=\"actions.toggle\" data-wp-on--keydown=\"actions.handleKeyDown\" id=\"accordion-item-2\" type=\"button\" class=\"wp-block-accordion-heading__toggle\"><span class=\"wp-block-accordion-heading__toggle-title\">Jour 2 : Dakar \u2013 \u00cele de Gor\u00e9e \u2013 Lac Rose<\/span><span class=\"wp-block-accordion-heading__toggle-icon\" aria-hidden=\"true\">+<\/span><\/button><\/h3>\n\n\n\n<div inert aria-labelledby=\"accordion-item-2\" data-wp-bind--inert=\"!state.isOpen\" id=\"accordion-item-2-panel\" role=\"region\" class=\"wp-block-accordion-panel is-layout-flow wp-block-accordion-panel-is-layout-flow\">\n<p>Apr\u00e8s le petit-d\u00e9jeuner, d\u00e9part pour l\u2019embarcad\u00e8re et travers\u00e9e en chaloupe vers l\u2019\u00eele historique de Gor\u00e9e, class\u00e9e au patrimoine mondial de l\u2019UNESCO.<br>Visite de la Maison des Esclaves, de l\u2019\u00e9glise Saint-Charles et du Fort d\u2019Estr\u00e9es, t\u00e9moins poignants de la traite n\u00e9gri\u00e8re.<br>Route vers le Lac Rose, d\u00e9jeuner au restaurant Chez Salim, installation puis visite du lac c\u00e9l\u00e8bre pour ses reflets changeants et sa salinit\u00e9 exceptionnelle. D\u00e9couvrez les salines o\u00f9 les femmes r\u00e9coltent le sel, balade en 4&#215;4 entre dunes, v\u00e9g\u00e9tation sah\u00e9lienne et oc\u00e9an, puis baignade et d\u00e9tente.<br>Retour \u00e0 l\u2019h\u00f4tel, d\u00eener et nuit.<\/p>\n<\/div>\n<\/div>\n\n\n\n<div data-wp-class--is-open=\"state.isOpen\" data-wp-context=\"{ &quot;id&quot;: &quot;accordion-item-3&quot;, &quot;openByDefault&quot;: false }\" data-wp-init=\"callbacks.initAccordionItems\" data-wp-on-window--hashchange=\"callbacks.hashChange\" class=\"wp-block-accordion-item is-layout-flow wp-block-accordion-item-is-layout-flow\">\n<h3 class=\"wp-block-accordion-heading\"><button aria-expanded=\"false\" aria-controls=\"accordion-item-3-panel\" data-wp-bind--aria-expanded=\"state.isOpen\" data-wp-on--click=\"actions.toggle\" data-wp-on--keydown=\"actions.handleKeyDown\" id=\"accordion-item-3\" type=\"button\" class=\"wp-block-accordion-heading__toggle\"><span class=\"wp-block-accordion-heading__toggle-title\">Jour 3 : Lac Rose \u2013 Kaolack \u2013 Toubacouta<\/span><span class=\"wp-block-accordion-heading__toggle-icon\" aria-hidden=\"true\">+<\/span><\/button><\/h3>\n\n\n\n<div inert aria-labelledby=\"accordion-item-3\" data-wp-bind--inert=\"!state.isOpen\" id=\"accordion-item-3-panel\" role=\"region\" class=\"wp-block-accordion-panel is-layout-flow wp-block-accordion-panel-is-layout-flow\">\n<p>Apr\u00e8s le petit-d\u00e9jeuner, d\u00e9part pour Kaolack, grande cit\u00e9 commer\u00e7ante du centre du S\u00e9n\u00e9gal. D\u00e9jeuner au Relais de Kaolack, puis continuation vers Toubacouta, au c\u0153ur du delta du Saloum, class\u00e9 r\u00e9serve de biosph\u00e8re par l\u2019UNESCO.<br>Cette r\u00e9gion est r\u00e9put\u00e9e pour la beaut\u00e9 de ses bolongs bord\u00e9s de mangroves et pour sa richesse ornithologique.<br>Installation \u00e0 l\u2019h\u00f4tel Keur Saloum avec vue panoramique sur le fleuve. En fin d\u2019apr\u00e8s-midi, promenade dans le village et rencontre avec les habitants.<br>Cena y alojamiento en el hotel.&nbsp;<\/p>\n<\/div>\n<\/div>\n\n\n\n<div data-wp-class--is-open=\"state.isOpen\" data-wp-context=\"{ &quot;id&quot;: &quot;accordion-item-4&quot;, &quot;openByDefault&quot;: false }\" data-wp-init=\"callbacks.initAccordionItems\" data-wp-on-window--hashchange=\"callbacks.hashChange\" class=\"wp-block-accordion-item is-layout-flow wp-block-accordion-item-is-layout-flow\">\n<h3 class=\"wp-block-accordion-heading\"><button aria-expanded=\"false\" aria-controls=\"accordion-item-4-panel\" data-wp-bind--aria-expanded=\"state.isOpen\" data-wp-on--click=\"actions.toggle\" data-wp-on--keydown=\"actions.handleKeyDown\" id=\"accordion-item-4\" type=\"button\" class=\"wp-block-accordion-heading__toggle\"><span class=\"wp-block-accordion-heading__toggle-title\">Jour 4 : Toubacouta \u2013 Reposoir des Oiseaux \u2013 \u00cele de Sipo \u2013 R\u00e9serve de Fathala<\/span><span class=\"wp-block-accordion-heading__toggle-icon\" aria-hidden=\"true\">+<\/span><\/button><\/h3>\n\n\n\n<div inert aria-labelledby=\"accordion-item-4\" data-wp-bind--inert=\"!state.isOpen\" id=\"accordion-item-4-panel\" role=\"region\" class=\"wp-block-accordion-panel is-layout-flow wp-block-accordion-panel-is-layout-flow\">\n<p>Apr\u00e8s le petit-d\u00e9jeuner, d\u00e9part pour Kaolack, grande cit\u00e9 commer\u00e7ante du centre du S\u00e9n\u00e9gal. D\u00e9jeuner au Relais de Kaolack, puis continuation vers Toubacouta, au c\u0153ur du delta du Saloum, class\u00e9 r\u00e9serve de biosph\u00e8re par l\u2019UNESCO.<br>Cette r\u00e9gion est r\u00e9put\u00e9e pour la beaut\u00e9 de ses bolongs bord\u00e9s de mangroves et pour sa richesse ornithologique.<br>Installation \u00e0 l\u2019h\u00f4tel Keur Saloum avec vue panoramique sur le fleuve. En fin d\u2019apr\u00e8s-midi, promenade dans le village et rencontre avec les habitants.<br>Cena y alojamiento en el hotel.&nbsp;<\/p>\n<\/div>\n<\/div>\n\n\n\n<div data-wp-class--is-open=\"state.isOpen\" data-wp-context=\"{ &quot;id&quot;: &quot;accordion-item-5&quot;, &quot;openByDefault&quot;: false }\" data-wp-init=\"callbacks.initAccordionItems\" data-wp-on-window--hashchange=\"callbacks.hashChange\" class=\"wp-block-accordion-item is-layout-flow wp-block-accordion-item-is-layout-flow\">\n<h3 class=\"wp-block-accordion-heading\"><button aria-expanded=\"false\" aria-controls=\"accordion-item-5-panel\" data-wp-bind--aria-expanded=\"state.isOpen\" data-wp-on--click=\"actions.toggle\" data-wp-on--keydown=\"actions.handleKeyDown\" id=\"accordion-item-5\" type=\"button\" class=\"wp-block-accordion-heading__toggle\"><span class=\"wp-block-accordion-heading__toggle-title\">Jour 5 : R\u00e9serve de Fathala \u2013 Ndangane<\/span><span class=\"wp-block-accordion-heading__toggle-icon\" aria-hidden=\"true\">+<\/span><\/button><\/h3>\n\n\n\n<div inert aria-labelledby=\"accordion-item-5\" data-wp-bind--inert=\"!state.isOpen\" id=\"accordion-item-5-panel\" role=\"region\" class=\"wp-block-accordion-panel is-layout-flow wp-block-accordion-panel-is-layout-flow\">\n<p>R\u00e9veil matinal. Apr\u00e8s le petit-d\u00e9jeuner, d\u00e9part pour une marche avec les lions, exp\u00e9rience unique et s\u00e9curis\u00e9e, encadr\u00e9e par des guides exp\u00e9riment\u00e9s dans un espace prot\u00e9g\u00e9 de 6 000 hectares.<br>Route vers Kaolack pour le d\u00e9jeuner, puis continuation jusqu\u2019\u00e0 Ndangane, au bord du delta.<br>Installation \u00e0 l\u2019h\u00f4tel Les Cordons Bleus et temps libre avant une balade en pirogue \u00e0 travers la mangrove, \u00e0 la d\u00e9couverte de l\u2019\u00eele aux oiseaux au coucher du soleil.<br>Retour \u00e0 l\u2019h\u00f4tel, d\u00eener et nuit.<\/p>\n<\/div>\n<\/div>\n\n\n\n<div data-wp-class--is-open=\"state.isOpen\" data-wp-context=\"{ &quot;id&quot;: &quot;accordion-item-6&quot;, &quot;openByDefault&quot;: false }\" data-wp-init=\"callbacks.initAccordionItems\" data-wp-on-window--hashchange=\"callbacks.hashChange\" class=\"wp-block-accordion-item is-layout-flow wp-block-accordion-item-is-layout-flow\">\n<h3 class=\"wp-block-accordion-heading\"><button aria-expanded=\"false\" aria-controls=\"accordion-item-6-panel\" data-wp-bind--aria-expanded=\"state.isOpen\" data-wp-on--click=\"actions.toggle\" data-wp-on--keydown=\"actions.handleKeyDown\" id=\"accordion-item-6\" type=\"button\" class=\"wp-block-accordion-heading__toggle\"><span class=\"wp-block-accordion-heading__toggle-title\">Jour 6 : Ndangane \u2013 \u00cele de Mar Lodj \u2013 Ndangane<\/span><span class=\"wp-block-accordion-heading__toggle-icon\" aria-hidden=\"true\">+<\/span><\/button><\/h3>\n\n\n\n<div inert aria-labelledby=\"accordion-item-6\" data-wp-bind--inert=\"!state.isOpen\" id=\"accordion-item-6-panel\" role=\"region\" class=\"wp-block-accordion-panel is-layout-flow wp-block-accordion-panel-is-layout-flow\">\n<p>Apr\u00e8s le petit-d\u00e9jeuner, travers\u00e9e vers l\u2019\u00eele de Mar Lodj, un joyau paisible du delta.<br>D\u00e9couverte des villages de Mar Lodj et Marfafaco en cal\u00e8che, visite du centre de sant\u00e9, du grand fromager sacr\u00e9 et du fameux \u201ctam-tam t\u00e9l\u00e9phonique\u201d.<br>Rencontre avec les notables et artisans, puis d\u00e9jeuner au campement Essamaye en bord de lagune.<br>Retour \u00e0 Ndangane pour un apr\u00e8s-midi de d\u00e9tente \u00e0 la piscine ou sur la plage.<br>D\u00eener et nuit \u00e0 l\u2019h\u00f4tel Les Cordons Bleus.<\/p>\n<\/div>\n<\/div>\n\n\n\n<div data-wp-class--is-open=\"state.isOpen\" data-wp-context=\"{ &quot;id&quot;: &quot;accordion-item-7&quot;, &quot;openByDefault&quot;: false }\" data-wp-init=\"callbacks.initAccordionItems\" data-wp-on-window--hashchange=\"callbacks.hashChange\" class=\"wp-block-accordion-item is-layout-flow wp-block-accordion-item-is-layout-flow\">\n<h3 class=\"wp-block-accordion-heading\"><button aria-expanded=\"false\" aria-controls=\"accordion-item-7-panel\" data-wp-bind--aria-expanded=\"state.isOpen\" data-wp-on--click=\"actions.toggle\" data-wp-on--keydown=\"actions.handleKeyDown\" id=\"accordion-item-7\" type=\"button\" class=\"wp-block-accordion-heading__toggle\"><span class=\"wp-block-accordion-heading__toggle-title\">Jour 7 : Ndangane \u2013 Joal \u2013 Fadiouth \u2013 Saly<\/span><span class=\"wp-block-accordion-heading__toggle-icon\" aria-hidden=\"true\">+<\/span><\/button><\/h3>\n\n\n\n<div inert aria-labelledby=\"accordion-item-7\" data-wp-bind--inert=\"!state.isOpen\" id=\"accordion-item-7-panel\" role=\"region\" class=\"wp-block-accordion-panel is-layout-flow wp-block-accordion-panel-is-layout-flow\">\n<p>Apr\u00e8s le petit-d\u00e9jeuner, d\u00e9part pour Joal-Fadiouth via Samba Dia, traversant for\u00eats de r\u00f4niers et paysages ponctu\u00e9s de baobabs g\u00e9ants. Arr\u00eat au gros baobab de Fadial, l\u2019un des plus impressionnants du pays.<br>Visite de Fadiouth, l\u2019\u00eele aux coquillages, et du cimeti\u00e8re mixte. D\u00e9jeuner au restaurant La Taverne du P\u00eacheur \u00e0 Joal.<br>Continuation vers le port de Mbour pour observer le retour color\u00e9 des pirogues, puis arriv\u00e9e \u00e0 Saly et installation \u00e0 l\u2019h\u00f4tel Royam Saly.<br>Cena y alojamiento.<\/p>\n<\/div>\n<\/div>\n\n\n\n<div data-wp-class--is-open=\"state.isOpen\" data-wp-context=\"{ &quot;id&quot;: &quot;accordion-item-8&quot;, &quot;openByDefault&quot;: false }\" data-wp-init=\"callbacks.initAccordionItems\" data-wp-on-window--hashchange=\"callbacks.hashChange\" class=\"wp-block-accordion-item is-layout-flow wp-block-accordion-item-is-layout-flow\">\n<h3 class=\"wp-block-accordion-heading\"><button aria-expanded=\"false\" aria-controls=\"accordion-item-8-panel\" data-wp-bind--aria-expanded=\"state.isOpen\" data-wp-on--click=\"actions.toggle\" data-wp-on--keydown=\"actions.handleKeyDown\" id=\"accordion-item-8\" type=\"button\" class=\"wp-block-accordion-heading__toggle\"><span class=\"wp-block-accordion-heading__toggle-title\">Jour 8 : Saly \u2013 A\u00e9roport (D\u00e9part)<\/span><span class=\"wp-block-accordion-heading__toggle-icon\" aria-hidden=\"true\">+<\/span><\/button><\/h3>\n\n\n\n<div inert aria-labelledby=\"accordion-item-8\" data-wp-bind--inert=\"!state.isOpen\" id=\"accordion-item-8-panel\" role=\"region\" class=\"wp-block-accordion-panel is-layout-flow wp-block-accordion-panel-is-layout-flow\">\n<p>Petit-d\u00e9jeuner \u00e0 l\u2019h\u00f4tel, puis journ\u00e9e libre selon vos horaires de vol : d\u00e9tente, plage ou derniers achats souvenirs.<br>D\u00e9jeuner inclus, d\u00eener libre (non inclus).<br>Transfert \u00e0 l\u2019a\u00e9roport pour votre vol retour. \u2708\ufe0f Les horaires sont ajust\u00e9s en fonction du d\u00e9part.<\/p>\n<\/div>\n<\/div>\n<\/div>\n\n\n\n<p><\/p>","protected":false},"excerpt":{"rendered":"<p>D\u00e9couvrez le S\u00e9n\u00e9gal avec un circuit de 8 jours entre Gor\u00e9e, Lac Rose et le Delta du Saloum. Voyage authentique avec excursions, nature et culture.<\/p>","protected":false},"featured_media":8212,"parent":0,"template":"","meta":{"_acf_changed":false,"_seopress_robots_primary_cat":"","_seopress_titles_title":"Circuit S\u00e9n\u00e9gal Gor\u00e9e Saloum 8 jours %%sep%% Voyage organis\u00e9 %%sitetitle%%","_seopress_titles_desc":"%%post_excerpt%%","_seopress_robots_index":"","site-sidebar-layout":"default","site-content-layout":"","ast-site-content-layout":"default","site-content-style":"default","site-sidebar-style":"default","ast-global-header-display":"","ast-banner-title-visibility":"","ast-main-header-display":"","ast-hfb-above-header-display":"","ast-hfb-below-header-display":"","ast-hfb-mobile-header-display":"","site-post-title":"","ast-breadcrumbs-content":"","ast-featured-img":"","footer-sml-layout":"","ast-disable-related-posts":"","theme-transparent-header-meta":"","adv-header-id-meta":"","stick-header-meta":"","header-above-stick-meta":"","header-main-stick-meta":"","header-below-stick-meta":"","astra-migrate-meta-layouts":"default","ast-page-background-enabled":"default","ast-page-background-meta":{"desktop":{"background-color":"var(--ast-global-color-4)","background-image":"","background-repeat":"repeat","background-position":"center center","background-size":"auto","background-attachment":"scroll","background-type":"","background-media":"","overlay-type":"","overlay-color":"","overlay-opacity":"","overlay-gradient":""},"tablet":{"background-color":"","background-image":"","background-repeat":"repeat","background-position":"center center","background-size":"auto","background-attachment":"scroll","background-type":"","background-media":"","overlay-type":"","overlay-color":"","overlay-opacity":"","overlay-gradient":""},"mobile":{"background-color":"","background-image":"","background-repeat":"repeat","background-position":"center center","background-size":"auto","background-attachment":"scroll","background-type":"","background-media":"","overlay-type":"","overlay-color":"","overlay-opacity":"","overlay-gradient":""}},"ast-content-background-meta":{"desktop":{"background-color":"var(--ast-global-color-5)","background-image":"","background-repeat":"repeat","background-position":"center center","background-size":"auto","background-attachment":"scroll","background-type":"","background-media":"","overlay-type":"","overlay-color":"","overlay-opacity":"","overlay-gradient":""},"tablet":{"background-color":"var(--ast-global-color-5)","background-image":"","background-repeat":"repeat","background-position":"center center","background-size":"auto","background-attachment":"scroll","background-type":"","background-media":"","overlay-type":"","overlay-color":"","overlay-opacity":"","overlay-gradient":""},"mobile":{"background-color":"var(--ast-global-color-5)","background-image":"","background-repeat":"repeat","background-position":"center center","background-size":"auto","background-attachment":"scroll","background-type":"","background-media":"","overlay-type":"","overlay-color":"","overlay-opacity":"","overlay-gradient":""}}},"type-de-circuits":[],"class_list":["post-7828","circuit","type-circuit","status-publish","has-post-thumbnail","hentry"],"acf":[],"_links":{"self":[{"href":"https:\/\/senegal-lib-tour.sn\/es\/wp-json\/wp\/v2\/circuit\/7828","targetHints":{"allow":["GET"]}}],"collection":[{"href":"https:\/\/senegal-lib-tour.sn\/es\/wp-json\/wp\/v2\/circuit"}],"about":[{"href":"https:\/\/senegal-lib-tour.sn\/es\/wp-json\/wp\/v2\/types\/circuit"}],"version-history":[{"count":0,"href":"https:\/\/senegal-lib-tour.sn\/es\/wp-json\/wp\/v2\/circuit\/7828\/revisions"}],"wp:featuredmedia":[{"embeddable":true,"href":"https:\/\/senegal-lib-tour.sn\/es\/wp-json\/wp\/v2\/media\/8212"}],"wp:attachment":[{"href":"https:\/\/senegal-lib-tour.sn\/es\/wp-json\/wp\/v2\/media?parent=7828"}],"wp:term":[{"taxonomy":"type-de-circuits","embeddable":true,"href":"https:\/\/senegal-lib-tour.sn\/es\/wp-json\/wp\/v2\/type-de-circuits?post=7828"}],"curies":[{"name":"wp","href":"https:\/\/api.w.org\/{rel}","templated":true}]}}